{"id":18,"date":"2020-11-17T12:37:13","date_gmt":"2020-11-17T11:37:13","guid":{"rendered":"http:\/\/dev.lofficina.be\/?page_id=18"},"modified":"2021-01-05T20:27:41","modified_gmt":"2021-01-05T19:27:41","slug":"techniciens-officina","status":"publish","type":"page","link":"https:\/\/www.lofficina.be\/fr\/techniciens-officina\/","title":{"rendered":"Techniciens Officina"},"content":{"rendered":"<div class=\"wpb-content-wrapper\"><p>[vc_row padding_top_multiplier=\u00a0\u00bb3x\u00a0\u00bb padding_bottom_multiplier=\u00a0\u00bb\u00a0\u00bb][vc_column width=\u00a0\u00bb1\/12&Prime;][\/vc_column][vc_column width=\u00a0\u00bb10\/12&Prime; text_align=\u00a0\u00bbcenter\u00a0\u00bb]<div class=\"grve-element grve-slogan grve-align-center\" style=\"\"><h2 class=\"grve-slogan-title grve-align-center grve-h1 grve-increase-heading grve-heading-120\"><span>Les techniciens passionn\u00e9s de L'Officina<\/span><\/h2>  <p class=\"grve-leader-text\">Nos techniciens sp\u00e9cialis\u00e9s dans la restauration de voitures italiennes ont acquis un savoir faire unique en m\u00e9canique automobile ancienne et sportive. Leur passion s&rsquo;est ax\u00e9e sur la r\u00e9paration et l&rsquo;entretien des Ferrari et Maserati depuis plus de 15 ans. Chaque technicien apporte sa longue exp\u00e9rience acquise dans son domaine pour former un team passionn\u00e9 et efficace. L&rsquo;Officina, ce sont des artisans amoureux des plus belles carrosseries italiennes et de leurs m\u00e9lodies uniques. Et notre chef d&rsquo;orchestre Valerio a su \u00e9lever cette belle \u00e9quipe vers l&rsquo;excellence !<\/p><div class=\"grve-btn-wrapper\"><a href=\"#equipe\" class=\"grve-btn grve-btn-medium grve-square grve-bg-primary-1 grve-bg-hover-primary-2 grve-btn-line\"><span>Voir les membres de l'\u00e9quipe<\/span><\/a><a href=\"\/fr\/contact\/\" class=\"grve-btn grve-btn-medium grve-square grve-bg-primary-1 grve-bg-hover-primary-2\"><span>Contactez-nous<\/span><\/a><\/div><\/div>[\/vc_column][vc_column width=\u00a0\u00bb1\/12&Prime;][\/vc_column][\/vc_row][vc_row padding_top_multiplier=\u00a0\u00bb3x\u00a0\u00bb equal_column_height=\u00a0\u00bbmiddle-content\u00a0\u00bb mobile_equal_column_height=\u00a0\u00bbfalse\u00a0\u00bb section_id=\u00a0\u00bbequipe\u00a0\u00bb][vc_column width=\u00a0\u00bb1\/2&Prime;]<div class=\"grve-element grve-image grve-align-center\" style=\"\">  <div class=\"grve-image-wrapper\"><img decoding=\"async\" width=\"560\" height=\"420\" src=\"https:\/\/www.lofficina.be\/wp-content\/uploads\/2020\/12\/Equipe-Lofficina-Valerio-560x420.jpg\" class=\"attachment-movedo-grve-small-rect-horizontal size-movedo-grve-small-rect-horizontal\" alt=\"technicien entretien maserati\" srcset=\"https:\/\/www.lofficina.be\/wp-content\/uploads\/2020\/12\/Equipe-Lofficina-Valerio-560x420.jpg 560w, https:\/\/www.lofficina.be\/wp-content\/uploads\/2020\/12\/Equipe-Lofficina-Valerio-300x225.jpg 300w, https:\/\/www.lofficina.be\/wp-content\/uploads\/2020\/12\/Equipe-Lofficina-Valerio-768x576.jpg 768w, https:\/\/www.lofficina.be\/wp-content\/uploads\/2020\/12\/Equipe-Lofficina-Valerio.jpg 900w\" sizes=\"(max-width: 560px) 100vw, 560px\" \/>   <\/div><\/div>[\/vc_column][vc_column width=\u00a0\u00bb1\/2&Prime;]<h3 class=\"grve-element grve-title grve-align-center grve-h1 grve-increase-heading grve-heading-120\" style=\"\"><span>Valerio<\/span><\/h3>[vc_column_text text_style=\u00a0\u00bbleader-text\u00a0\u00bb]Avec Arnaud Goffin, Valerio a fond\u00e9 L&rsquo;Officina en 2004 : la concr\u00e9tisation d&rsquo;un r\u00eave d&rsquo;enfant. Val\u00e9rio et Arnaud s&rsquo;\u00e9taient rencontr\u00e9s au Garage Francorchamps \u00e0 Zaventem dans les ateliers de l&rsquo;importateur Ferrari Benelux o\u00f9 ils ont travaill\u00e9 plus d&rsquo;une trentaine d&rsquo;ann\u00e9es. Aujourd&rsquo;hui, Valerio dirige l&rsquo;\u00e9quipe et guide les clients dans leurs projets. En plus d&rsquo;organiser et de superviser les activit\u00e9s, il est pr\u00e9sent tous les jours dans l&rsquo;atelier pour travailler. Valerio lui-m\u00eame est sp\u00e9cialis\u00e9 dans la r\u00e9vision des moteurs et est responsable de la plupart des essais. Il tient \u00e0 s&rsquo;assurer personnellement que chaque voiture qui quitte L&rsquo;Officina fera le bonheur de son propri\u00e9taire. Son caf\u00e9 pr\u00e9f\u00e9r\u00e9 ? Noir. Son mot d\u2019italien pr\u00e9f\u00e9r\u00e9 ? Ciao.[\/vc_column_text][\/vc_column][\/vc_row][vc_row padding_top_multiplier=\u00a0\u00bb3x\u00a0\u00bb equal_column_height=\u00a0\u00bbmiddle-content\u00a0\u00bb desktop_visibility=\u00a0\u00bbhide\u00a0\u00bb tablet_visibility=\u00a0\u00bbhide\u00a0\u00bb tablet_sm_visibility=\u00a0\u00bbhide\u00a0\u00bb mobile_equal_column_height=\u00a0\u00bbfalse\u00a0\u00bb section_id=\u00a0\u00bbequipe\u00a0\u00bb][vc_column width=\u00a0\u00bb1\/2&Prime;]<div class=\"grve-element grve-image grve-align-center\" style=\"\">  <div class=\"grve-image-wrapper\"><img decoding=\"async\" width=\"560\" height=\"420\" src=\"https:\/\/www.lofficina.be\/wp-content\/uploads\/2020\/12\/Equipe-Lofficina-Jaime-560x420.jpg\" class=\"attachment-movedo-grve-small-rect-horizontal size-movedo-grve-small-rect-horizontal\" alt=\"technique auto ferrari\" srcset=\"https:\/\/www.lofficina.be\/wp-content\/uploads\/2020\/12\/Equipe-Lofficina-Jaime-560x420.jpg 560w, https:\/\/www.lofficina.be\/wp-content\/uploads\/2020\/12\/Equipe-Lofficina-Jaime-300x225.jpg 300w, https:\/\/www.lofficina.be\/wp-content\/uploads\/2020\/12\/Equipe-Lofficina-Jaime-768x576.jpg 768w, https:\/\/www.lofficina.be\/wp-content\/uploads\/2020\/12\/Equipe-Lofficina-Jaime.jpg 900w\" sizes=\"(max-width: 560px) 100vw, 560px\" \/>   <\/div><\/div>[\/vc_column][vc_column width=\u00a0\u00bb1\/2&Prime;]<h3 class=\"grve-element grve-title grve-align-center grve-h1 grve-increase-heading grve-heading-120\" style=\"\"><span>Jaime<\/span><\/h3>[vc_column_text text_style=\u00a0\u00bbleader-text\u00a0\u00bb]Il a d\u00e9but\u00e9 chez Ferrari au Garage Francorchamps en 1991 et est technicien \u00e0 L&rsquo;Officina depuis 2013 : Jaime fait partie int\u00e9grante de l&rsquo;atelier. En raison de son exp\u00e9rience, mais aussi de l&rsquo;ambiance qu&rsquo;il met dans l&rsquo;\u00e9quipe. Il aime s&rsquo;immerger \u00e0 fond dans la m\u00e9canique d&rsquo;une voiture et tire \u00e9norm\u00e9ment de satisfaction d&rsquo;un grand entretien ou d&rsquo;une r\u00e9paration sp\u00e9cifique. Son caf\u00e9 pr\u00e9f\u00e9r\u00e9 ? Un lungo avec du lait. Son mot d\u2019italien pr\u00e9f\u00e9r\u00e9 ? Ti amo.[\/vc_column_text][\/vc_column][\/vc_row][vc_row equal_column_height=\u00a0\u00bbmiddle-content\u00a0\u00bb mobile_visibility=\u00a0\u00bbhide\u00a0\u00bb mobile_equal_column_height=\u00a0\u00bbfalse\u00a0\u00bb][vc_column width=\u00a0\u00bb1\/2&Prime; text_align=\u00a0\u00bbright\u00a0\u00bb]<h3 class=\"grve-element grve-title grve-align-center grve-h1 grve-increase-heading grve-heading-120\" style=\"\"><span>Jaime<\/span><\/h3>[vc_column_text text_style=\u00a0\u00bbleader-text\u00a0\u00bb]Il a d\u00e9but\u00e9 chez Ferrari au Garage Francorchamps en 1991 et est technicien \u00e0 L&rsquo;Officina depuis 2013 : Jaime fait partie int\u00e9grante de l&rsquo;atelier. En raison de son exp\u00e9rience, mais aussi de l&rsquo;ambiance qu&rsquo;il met dans l&rsquo;\u00e9quipe. Il aime s&rsquo;immerger \u00e0 fond dans la m\u00e9canique d&rsquo;une voiture et tire \u00e9norm\u00e9ment de satisfaction d&rsquo;un grand entretien ou d&rsquo;une r\u00e9paration sp\u00e9cifique. Son caf\u00e9 pr\u00e9f\u00e9r\u00e9 ? Un lungo avec du lait. Son mot d\u2019italien pr\u00e9f\u00e9r\u00e9 ? Ti amo.[\/vc_column_text][\/vc_column][vc_column width=\u00a0\u00bb1\/2&Prime;]<div class=\"grve-element grve-image grve-align-center\" style=\"\">  <div class=\"grve-image-wrapper\"><img decoding=\"async\" width=\"560\" height=\"420\" src=\"https:\/\/www.lofficina.be\/wp-content\/uploads\/2020\/12\/Equipe-Lofficina-Jaime-560x420.jpg\" class=\"attachment-movedo-grve-small-rect-horizontal size-movedo-grve-small-rect-horizontal\" alt=\"technique auto ferrari\" srcset=\"https:\/\/www.lofficina.be\/wp-content\/uploads\/2020\/12\/Equipe-Lofficina-Jaime-560x420.jpg 560w, https:\/\/www.lofficina.be\/wp-content\/uploads\/2020\/12\/Equipe-Lofficina-Jaime-300x225.jpg 300w, https:\/\/www.lofficina.be\/wp-content\/uploads\/2020\/12\/Equipe-Lofficina-Jaime-768x576.jpg 768w, https:\/\/www.lofficina.be\/wp-content\/uploads\/2020\/12\/Equipe-Lofficina-Jaime.jpg 900w\" sizes=\"(max-width: 560px) 100vw, 560px\" \/>   <\/div><\/div>[\/vc_column][\/vc_row][vc_row equal_column_height=\u00a0\u00bbmiddle-content\u00a0\u00bb mobile_equal_column_height=\u00a0\u00bbfalse\u00a0\u00bb][vc_column width=\u00a0\u00bb1\/2&Prime;]<div class=\"grve-element grve-image grve-align-center\" style=\"\">  <div class=\"grve-image-wrapper\"><img decoding=\"async\" width=\"560\" height=\"420\" src=\"https:\/\/www.lofficina.be\/wp-content\/uploads\/2020\/12\/Equipe-Lofficina-Luc-560x420.jpg\" class=\"attachment-movedo-grve-small-rect-horizontal size-movedo-grve-small-rect-horizontal\" alt=\"technicien voiture italienne\" srcset=\"https:\/\/www.lofficina.be\/wp-content\/uploads\/2020\/12\/Equipe-Lofficina-Luc-560x420.jpg 560w, https:\/\/www.lofficina.be\/wp-content\/uploads\/2020\/12\/Equipe-Lofficina-Luc-300x225.jpg 300w, https:\/\/www.lofficina.be\/wp-content\/uploads\/2020\/12\/Equipe-Lofficina-Luc-768x576.jpg 768w, https:\/\/www.lofficina.be\/wp-content\/uploads\/2020\/12\/Equipe-Lofficina-Luc.jpg 900w\" sizes=\"(max-width: 560px) 100vw, 560px\" \/>   <\/div><\/div>[\/vc_column][vc_column width=\u00a0\u00bb1\/2&Prime;]<h3 class=\"grve-element grve-title grve-align-center grve-h1 grve-increase-heading grve-heading-120\" style=\"\"><span>Luc<\/span><\/h3>[vc_column_text text_style=\u00a0\u00bbleader-text\u00a0\u00bb]Luc a pris le volant d&rsquo;une voiture pour la premi\u00e8re fois \u00e0 l&rsquo;\u00e2ge de huit ans et, en 1985, devenu m\u00e9canicien, il a fait de son passe-temps son m\u00e9tier. La restauration est sa sp\u00e9cialit\u00e9, et remettre une voiture de collection dans son \u00e9tat d&rsquo;origine est pour lui, \u00e0 chaque fois, une exp\u00e9rience unique. Il sait \u00e0 quel point le souci du d\u00e9tail est important quand on travaille dans le domaine des voitures italiennes, et ne se satisfait que d&rsquo;un travail parfait. Son caf\u00e9 pr\u00e9f\u00e9r\u00e9 ? Un cappuccino. Son mot d\u2019italien pr\u00e9f\u00e9r\u00e9 ? Ciao.[\/vc_column_text][\/vc_column][\/vc_row][vc_row equal_column_height=\u00a0\u00bbmiddle-content\u00a0\u00bb desktop_visibility=\u00a0\u00bbhide\u00a0\u00bb tablet_visibility=\u00a0\u00bbhide\u00a0\u00bb tablet_sm_visibility=\u00a0\u00bbhide\u00a0\u00bb mobile_equal_column_height=\u00a0\u00bbfalse\u00a0\u00bb][vc_column width=\u00a0\u00bb1\/2&Prime; text_align=\u00a0\u00bbright\u00a0\u00bb]<div class=\"grve-element grve-image grve-align-center\" style=\"\">  <div class=\"grve-image-wrapper\"><img decoding=\"async\" width=\"560\" height=\"420\" src=\"https:\/\/www.lofficina.be\/wp-content\/uploads\/2020\/12\/Equipe-Lofficina-Rene-560x420.jpg\" class=\"attachment-movedo-grve-small-rect-horizontal size-movedo-grve-small-rect-horizontal\" alt=\"technicien ferrari officina\" srcset=\"https:\/\/www.lofficina.be\/wp-content\/uploads\/2020\/12\/Equipe-Lofficina-Rene-560x420.jpg 560w, https:\/\/www.lofficina.be\/wp-content\/uploads\/2020\/12\/Equipe-Lofficina-Rene-300x225.jpg 300w, https:\/\/www.lofficina.be\/wp-content\/uploads\/2020\/12\/Equipe-Lofficina-Rene-768x576.jpg 768w, https:\/\/www.lofficina.be\/wp-content\/uploads\/2020\/12\/Equipe-Lofficina-Rene.jpg 900w\" sizes=\"(max-width: 560px) 100vw, 560px\" \/>   <\/div><\/div>[\/vc_column][vc_column width=\u00a0\u00bb1\/2&Prime;]<h3 class=\"grve-element grve-title grve-align-center grve-h1 grve-increase-heading grve-heading-120\" style=\"\"><span>Ren\u00e9<\/span><\/h3>[vc_column_text text_style=\u00a0\u00bbleader-text\u00a0\u00bb]Avec 45 ans d&rsquo;exp\u00e9rience, Ren\u00e9 \u2013 m\u00e9canicien de son \u00e9tat \u2013 rayonne de confiance et de sagesse. \u00c0 l&rsquo;\u00e2ge de quatorze ans, il avait d\u00e9j\u00e0 d\u00e9mont\u00e9 et r\u00e9vis\u00e9 des moteurs Alfa Romeo et acquis une exp\u00e9rience impressionnante des voitures italiennes. Il conna\u00eet ainsi mieux que quiconque la Ferrari GTO et de nombreux autres mod\u00e8les embl\u00e9matiques. En termes de moteur, transmission, suspension et diff\u00e9rentiel, il est une v\u00e9ritable r\u00e9f\u00e9rence. Le moment o\u00f9 un moteur ou une bo\u00eete de vitesses revient \u00e0 la vie est un pur plaisir pour lui. Son caf\u00e9 pr\u00e9f\u00e9r\u00e9 ? Nespresso Intenso. Son mot d\u2019italien pr\u00e9f\u00e9r\u00e9 ? Avanti.[\/vc_column_text][\/vc_column][\/vc_row][vc_row equal_column_height=\u00a0\u00bbmiddle-content\u00a0\u00bb mobile_visibility=\u00a0\u00bbhide\u00a0\u00bb mobile_equal_column_height=\u00a0\u00bbfalse\u00a0\u00bb][vc_column width=\u00a0\u00bb1\/2&Prime; text_align=\u00a0\u00bbright\u00a0\u00bb]<h3 class=\"grve-element grve-title grve-align-center grve-h1 grve-increase-heading grve-heading-120\" style=\"\"><span>Ren\u00e9<\/span><\/h3>[vc_column_text text_style=\u00a0\u00bbleader-text\u00a0\u00bb]Avec 45 ans d&rsquo;exp\u00e9rience, Ren\u00e9 \u2013 m\u00e9canicien de son \u00e9tat \u2013 rayonne de confiance et de sagesse. \u00c0 l&rsquo;\u00e2ge de quatorze ans, il avait d\u00e9j\u00e0 d\u00e9mont\u00e9 et r\u00e9vis\u00e9 des moteurs Alfa Romeo et acquis une exp\u00e9rience impressionnante des voitures italiennes. Il conna\u00eet ainsi mieux que quiconque la Ferrari GTO et de nombreux autres mod\u00e8les embl\u00e9matiques. En termes de moteur, transmission, suspension et diff\u00e9rentiel, il est une v\u00e9ritable r\u00e9f\u00e9rence. Le moment o\u00f9 un moteur ou une bo\u00eete de vitesses revient \u00e0 la vie est un pur plaisir pour lui. Son caf\u00e9 pr\u00e9f\u00e9r\u00e9 ? Nespresso Intenso. Son mot d\u2019italien pr\u00e9f\u00e9r\u00e9 ? Avanti.[\/vc_column_text][\/vc_column][vc_column width=\u00a0\u00bb1\/2&Prime;]<div class=\"grve-element grve-image grve-align-center\" style=\"\">  <div class=\"grve-image-wrapper\"><img decoding=\"async\" width=\"560\" height=\"420\" src=\"https:\/\/www.lofficina.be\/wp-content\/uploads\/2020\/12\/Equipe-Lofficina-Rene-560x420.jpg\" class=\"attachment-movedo-grve-small-rect-horizontal size-movedo-grve-small-rect-horizontal\" alt=\"technicien ferrari officina\" srcset=\"https:\/\/www.lofficina.be\/wp-content\/uploads\/2020\/12\/Equipe-Lofficina-Rene-560x420.jpg 560w, https:\/\/www.lofficina.be\/wp-content\/uploads\/2020\/12\/Equipe-Lofficina-Rene-300x225.jpg 300w, https:\/\/www.lofficina.be\/wp-content\/uploads\/2020\/12\/Equipe-Lofficina-Rene-768x576.jpg 768w, https:\/\/www.lofficina.be\/wp-content\/uploads\/2020\/12\/Equipe-Lofficina-Rene.jpg 900w\" sizes=\"(max-width: 560px) 100vw, 560px\" \/>   <\/div><\/div>[\/vc_column][\/vc_row][vc_row padding_bottom_multiplier=\u00a0\u00bb3x\u00a0\u00bb equal_column_height=\u00a0\u00bbmiddle-content\u00a0\u00bb mobile_equal_column_height=\u00a0\u00bbfalse\u00a0\u00bb][vc_column width=\u00a0\u00bb1\/2&Prime;]<div class=\"grve-element grve-image grve-align-center\" style=\"\">  <div class=\"grve-image-wrapper\"><img decoding=\"async\" width=\"560\" height=\"420\" src=\"https:\/\/www.lofficina.be\/wp-content\/uploads\/2020\/12\/Equipe-Lofficina-Joseph-560x420.jpg\" class=\"attachment-movedo-grve-small-rect-horizontal size-movedo-grve-small-rect-horizontal\" alt=\"\" srcset=\"https:\/\/www.lofficina.be\/wp-content\/uploads\/2020\/12\/Equipe-Lofficina-Joseph-560x420.jpg 560w, https:\/\/www.lofficina.be\/wp-content\/uploads\/2020\/12\/Equipe-Lofficina-Joseph-300x225.jpg 300w, https:\/\/www.lofficina.be\/wp-content\/uploads\/2020\/12\/Equipe-Lofficina-Joseph-768x576.jpg 768w, https:\/\/www.lofficina.be\/wp-content\/uploads\/2020\/12\/Equipe-Lofficina-Joseph.jpg 900w\" sizes=\"(max-width: 560px) 100vw, 560px\" \/>   <\/div><\/div>[\/vc_column][vc_column width=\u00a0\u00bb1\/2&Prime;]<h3 class=\"grve-element grve-title grve-align-center grve-h1 grve-increase-heading grve-heading-120\" style=\"\"><span>Joseph<\/span><\/h3>[vc_column_text text_style=\u00a0\u00bbleader-text\u00a0\u00bb]Arriv\u00e9 en octobre 2019, c&rsquo;est le dernier renfort de l&rsquo;\u00e9quipe de L&rsquo;Officina. M\u00e9canicien et \u00e9lectricien, Joseph est sp\u00e9cialis\u00e9 dans les Ferrari classiques. Il a \u00e9galement une grande exp\u00e9rience des Lamborghini et autres Maserati, notamment. Ses connaissances vont au-del\u00e0 de l&rsquo;atelier : dans le pass\u00e9, il a apport\u00e9 une assistance technique sur la piste et lors de rallyes tels que le Mille Miglia et le Cento ore di Modena. Il consid\u00e8re les voitures de collection comme un patrimoine que nous devons ch\u00e9rir et entretenir. Son caf\u00e9 pr\u00e9f\u00e9r\u00e9 ? L&rsquo;espresso. Son mot d\u2019italien pr\u00e9f\u00e9r\u00e9 ? \u00ab Pas de pr\u00e9f\u00e9rence particuli\u00e8re. L&rsquo;italien est ma langue maternelle, donc tous les mots sont importants pour moi. \u00bb[\/vc_column_text]<div class=\"grve-empty-space grve-height-1x\" style=\"\"><\/div>[\/vc_column][\/vc_row]<\/p>\n<\/div>","protected":false},"excerpt":{"rendered":"<p>[vc_row padding_top_multiplier=\u00a0\u00bb3x\u00a0\u00bb padding_bottom_multiplier=\u00a0\u00bb\u00a0\u00bb][vc_column width=\u00a0\u00bb1\/12&Prime;][\/vc_column][vc_column width=\u00a0\u00bb10\/12&Prime; text_align=\u00a0\u00bbcenter\u00a0\u00bb][\/vc_column][vc_column width=\u00a0\u00bb1\/12&Prime;][\/vc_column][\/vc_row][vc_row padding_top_multiplier=\u00a0\u00bb3x\u00a0\u00bb equal_column_height=\u00a0\u00bbmiddle-content\u00a0\u00bb mobile_equal_column_height=\u00a0\u00bbfalse\u00a0\u00bb section_id=\u00a0\u00bbequipe\u00a0\u00bb][vc_column width=\u00a0\u00bb1\/2&Prime;][\/vc_column][vc_column width=\u00a0\u00bb1\/2&Prime;][vc_column_text text_style=\u00a0\u00bbleader-text\u00a0\u00bb]Avec Arnaud Goffin, Valerio a fond\u00e9 L&rsquo;Officina en 2004 : la concr\u00e9tisation d&rsquo;un r\u00eave d&rsquo;enfant. Val\u00e9rio et Arnaud s&rsquo;\u00e9taient rencontr\u00e9s au Garage Francorchamps \u00e0 Zaventem dans les ateliers de l&rsquo;importateur Ferrari Benelux o\u00f9 ils ont travaill\u00e9 plus d&rsquo;une trentaine d&rsquo;ann\u00e9es. Aujourd&rsquo;hui, Valerio [&hellip;]<\/p>\n","protected":false},"author":1,"featured_media":0,"parent":0,"menu_order":0,"comment_status":"closed","ping_status":"closed","template":"","meta":{"footnotes":""},"class_list":["post-18","page","type-page","status-publish","hentry"],"yoast_head":"<!-- This site is optimized with the Yoast SEO plugin v26.3 - https:\/\/yoast.com\/wordpress\/plugins\/seo\/ -->\n<title>Techniciens Officina - sp\u00e9cialiste m\u00e9canique automobiles italiennes<\/title>\n<meta name=\"description\" content=\"Les techniciens de l&#039;Officina Bruxelles restaurent les voitures italiennes et plus particuli\u00e8rement les Ferrari et Maserati.\" \/>\n<meta name=\"robots\" content=\"index, follow, max-snippet:-1, max-image-preview:large, max-video-preview:-1\" \/>\n<link rel=\"canonical\" href=\"https:\/\/www.lofficina.be\/fr\/techniciens-officina\/\" \/>\n<meta property=\"og:locale\" content=\"fr_FR\" \/>\n<meta property=\"og:type\" content=\"article\" \/>\n<meta property=\"og:title\" content=\"Techniciens Officina - sp\u00e9cialiste m\u00e9canique automobiles italiennes\" \/>\n<meta property=\"og:description\" content=\"Les techniciens de l&#039;Officina Bruxelles restaurent les voitures italiennes et plus particuli\u00e8rement les Ferrari et Maserati.\" \/>\n<meta property=\"og:url\" content=\"https:\/\/www.lofficina.be\/fr\/techniciens-officina\/\" \/>\n<meta property=\"og:site_name\" content=\"L&#039;Officina\" \/>\n<meta property=\"article:publisher\" content=\"https:\/\/www.facebook.com\/officinabelgique\/\" \/>\n<meta property=\"article:modified_time\" content=\"2021-01-05T19:27:41+00:00\" \/>\n<meta name=\"twitter:card\" content=\"summary_large_image\" \/>\n<meta name=\"twitter:label1\" content=\"Dur\u00e9e de lecture estim\u00e9e\" \/>\n\t<meta name=\"twitter:data1\" content=\"7 minutes\" \/>\n<script type=\"application\/ld+json\" class=\"yoast-schema-graph\">{\"@context\":\"https:\/\/schema.org\",\"@graph\":[{\"@type\":\"WebPage\",\"@id\":\"https:\/\/www.lofficina.be\/fr\/techniciens-officina\/\",\"url\":\"https:\/\/www.lofficina.be\/fr\/techniciens-officina\/\",\"name\":\"Techniciens Officina - sp\u00e9cialiste m\u00e9canique automobiles italiennes\",\"isPartOf\":{\"@id\":\"https:\/\/www.lofficina.be\/fr\/#website\"},\"datePublished\":\"2020-11-17T11:37:13+00:00\",\"dateModified\":\"2021-01-05T19:27:41+00:00\",\"description\":\"Les techniciens de l'Officina Bruxelles restaurent les voitures italiennes et plus particuli\u00e8rement les Ferrari et Maserati.\",\"breadcrumb\":{\"@id\":\"https:\/\/www.lofficina.be\/fr\/techniciens-officina\/#breadcrumb\"},\"inLanguage\":\"fr-FR\",\"potentialAction\":[{\"@type\":\"ReadAction\",\"target\":[\"https:\/\/www.lofficina.be\/fr\/techniciens-officina\/\"]}]},{\"@type\":\"BreadcrumbList\",\"@id\":\"https:\/\/www.lofficina.be\/fr\/techniciens-officina\/#breadcrumb\",\"itemListElement\":[{\"@type\":\"ListItem\",\"position\":1,\"name\":\"Accueil\",\"item\":\"https:\/\/www.lofficina.be\/fr\/lofficina\/\"},{\"@type\":\"ListItem\",\"position\":2,\"name\":\"Techniciens Officina\"}]},{\"@type\":\"WebSite\",\"@id\":\"https:\/\/www.lofficina.be\/fr\/#website\",\"url\":\"https:\/\/www.lofficina.be\/fr\/\",\"name\":\"L&#039;Officina\",\"description\":\"Sp\u00e9cialiste ind\u00e9pendant Ferrari \u2013 Maserati\",\"publisher\":{\"@id\":\"https:\/\/www.lofficina.be\/fr\/#organization\"},\"potentialAction\":[{\"@type\":\"SearchAction\",\"target\":{\"@type\":\"EntryPoint\",\"urlTemplate\":\"https:\/\/www.lofficina.be\/fr\/?s={search_term_string}\"},\"query-input\":{\"@type\":\"PropertyValueSpecification\",\"valueRequired\":true,\"valueName\":\"search_term_string\"}}],\"inLanguage\":\"fr-FR\"},{\"@type\":\"Organization\",\"@id\":\"https:\/\/www.lofficina.be\/fr\/#organization\",\"name\":\"L'Officina\",\"url\":\"https:\/\/www.lofficina.be\/fr\/\",\"logo\":{\"@type\":\"ImageObject\",\"inLanguage\":\"fr-FR\",\"@id\":\"https:\/\/www.lofficina.be\/fr\/#\/schema\/logo\/image\/\",\"url\":\"https:\/\/www.lofficina.be\/wp-content\/uploads\/2020\/12\/lofficina-logo-baseline.svg\",\"contentUrl\":\"https:\/\/www.lofficina.be\/wp-content\/uploads\/2020\/12\/lofficina-logo-baseline.svg\",\"width\":474,\"height\":114,\"caption\":\"L'Officina\"},\"image\":{\"@id\":\"https:\/\/www.lofficina.be\/fr\/#\/schema\/logo\/image\/\"},\"sameAs\":[\"https:\/\/www.facebook.com\/officinabelgique\/\",\"https:\/\/www.instagram.com\/lofficina_overijse\/\",\"https:\/\/www.youtube.com\/channel\/UC_8rIH0uAoCwhDQzYjCBdXw\"]}]}<\/script>\n<!-- \/ Yoast SEO plugin. -->","yoast_head_json":{"title":"Techniciens Officina - sp\u00e9cialiste m\u00e9canique automobiles italiennes","description":"Les techniciens de l'Officina Bruxelles restaurent les voitures italiennes et plus particuli\u00e8rement les Ferrari et Maserati.","robots":{"index":"index","follow":"follow","max-snippet":"max-snippet:-1","max-image-preview":"max-image-preview:large","max-video-preview":"max-video-preview:-1"},"canonical":"https:\/\/www.lofficina.be\/fr\/techniciens-officina\/","og_locale":"fr_FR","og_type":"article","og_title":"Techniciens Officina - sp\u00e9cialiste m\u00e9canique automobiles italiennes","og_description":"Les techniciens de l'Officina Bruxelles restaurent les voitures italiennes et plus particuli\u00e8rement les Ferrari et Maserati.","og_url":"https:\/\/www.lofficina.be\/fr\/techniciens-officina\/","og_site_name":"L&#039;Officina","article_publisher":"https:\/\/www.facebook.com\/officinabelgique\/","article_modified_time":"2021-01-05T19:27:41+00:00","twitter_card":"summary_large_image","twitter_misc":{"Dur\u00e9e de lecture estim\u00e9e":"7 minutes"},"schema":{"@context":"https:\/\/schema.org","@graph":[{"@type":"WebPage","@id":"https:\/\/www.lofficina.be\/fr\/techniciens-officina\/","url":"https:\/\/www.lofficina.be\/fr\/techniciens-officina\/","name":"Techniciens Officina - sp\u00e9cialiste m\u00e9canique automobiles italiennes","isPartOf":{"@id":"https:\/\/www.lofficina.be\/fr\/#website"},"datePublished":"2020-11-17T11:37:13+00:00","dateModified":"2021-01-05T19:27:41+00:00","description":"Les techniciens de l'Officina Bruxelles restaurent les voitures italiennes et plus particuli\u00e8rement les Ferrari et Maserati.","breadcrumb":{"@id":"https:\/\/www.lofficina.be\/fr\/techniciens-officina\/#breadcrumb"},"inLanguage":"fr-FR","potentialAction":[{"@type":"ReadAction","target":["https:\/\/www.lofficina.be\/fr\/techniciens-officina\/"]}]},{"@type":"BreadcrumbList","@id":"https:\/\/www.lofficina.be\/fr\/techniciens-officina\/#breadcrumb","itemListElement":[{"@type":"ListItem","position":1,"name":"Accueil","item":"https:\/\/www.lofficina.be\/fr\/lofficina\/"},{"@type":"ListItem","position":2,"name":"Techniciens Officina"}]},{"@type":"WebSite","@id":"https:\/\/www.lofficina.be\/fr\/#website","url":"https:\/\/www.lofficina.be\/fr\/","name":"L&#039;Officina","description":"Sp\u00e9cialiste ind\u00e9pendant Ferrari \u2013 Maserati","publisher":{"@id":"https:\/\/www.lofficina.be\/fr\/#organization"},"potentialAction":[{"@type":"SearchAction","target":{"@type":"EntryPoint","urlTemplate":"https:\/\/www.lofficina.be\/fr\/?s={search_term_string}"},"query-input":{"@type":"PropertyValueSpecification","valueRequired":true,"valueName":"search_term_string"}}],"inLanguage":"fr-FR"},{"@type":"Organization","@id":"https:\/\/www.lofficina.be\/fr\/#organization","name":"L'Officina","url":"https:\/\/www.lofficina.be\/fr\/","logo":{"@type":"ImageObject","inLanguage":"fr-FR","@id":"https:\/\/www.lofficina.be\/fr\/#\/schema\/logo\/image\/","url":"https:\/\/www.lofficina.be\/wp-content\/uploads\/2020\/12\/lofficina-logo-baseline.svg","contentUrl":"https:\/\/www.lofficina.be\/wp-content\/uploads\/2020\/12\/lofficina-logo-baseline.svg","width":474,"height":114,"caption":"L'Officina"},"image":{"@id":"https:\/\/www.lofficina.be\/fr\/#\/schema\/logo\/image\/"},"sameAs":["https:\/\/www.facebook.com\/officinabelgique\/","https:\/\/www.instagram.com\/lofficina_overijse\/","https:\/\/www.youtube.com\/channel\/UC_8rIH0uAoCwhDQzYjCBdXw"]}]}},"_links":{"self":[{"href":"https:\/\/www.lofficina.be\/fr\/wp-json\/wp\/v2\/pages\/18","targetHints":{"allow":["GET"]}}],"collection":[{"href":"https:\/\/www.lofficina.be\/fr\/wp-json\/wp\/v2\/pages"}],"about":[{"href":"https:\/\/www.lofficina.be\/fr\/wp-json\/wp\/v2\/types\/page"}],"author":[{"embeddable":true,"href":"https:\/\/www.lofficina.be\/fr\/wp-json\/wp\/v2\/users\/1"}],"replies":[{"embeddable":true,"href":"https:\/\/www.lofficina.be\/fr\/wp-json\/wp\/v2\/comments?post=18"}],"version-history":[{"count":0,"href":"https:\/\/www.lofficina.be\/fr\/wp-json\/wp\/v2\/pages\/18\/revisions"}],"wp:attachment":[{"href":"https:\/\/www.lofficina.be\/fr\/wp-json\/wp\/v2\/media?parent=18"}],"curies":[{"name":"wp","href":"https:\/\/api.w.org\/{rel}","templated":true}]}}